{"id":299,"date":"2024-08-27T15:58:18","date_gmt":"2024-08-27T13:58:18","guid":{"rendered":"https:\/\/palentinadepapel.com\/?page_id=299"},"modified":"2024-08-27T15:58:55","modified_gmt":"2024-08-27T13:58:55","slug":"politica-de-privacidad","status":"publish","type":"page","link":"https:\/\/palentinadepapel.com\/en\/politica-de-privacidad\/","title":{"rendered":"Pol\u00edtica de privacidad"},"content":{"rendered":"<p>[et_pb_section fb_built=\u00bb1&#8243; admin_label=\u00bbAbout\u00bb _builder_version=\u00bb4.16&#8243; custom_padding=\u00bb||||false|false\u00bb global_colors_info=\u00bb{}\u00bb theme_builder_area=\u00bbpost_content\u00bb][et_pb_row _builder_version=\u00bb4.16&#8243; global_colors_info=\u00bb{}\u00bb theme_builder_area=\u00bbpost_content\u00bb][et_pb_column type=\u00bb4_4&#8243; _builder_version=\u00bb4.16&#8243; global_colors_info=\u00bb{}\u00bb theme_builder_area=\u00bbpost_content\u00bb][et_pb_text _builder_version=\u00bb4.16&#8243; header_font=\u00bbKanit|500|||||||\u00bb header_font_size=\u00bb4vw\u00bb header_line_height=\u00bb1.1em\u00bb text_orientation=\u00bbcenter\u00bb background_layout=\u00bbdark\u00bb max_width=\u00bb795px\u00bb module_alignment=\u00bbcenter\u00bb header_font_size_tablet=\u00bb42px\u00bb header_font_size_phone=\u00bb36px\u00bb header_font_size_last_edited=\u00bbon|desktop\u00bb global_colors_info=\u00bb{}\u00bb theme_builder_area=\u00bbpost_content\u00bb]<\/p>\n<h1><span style=\"color: #1555dd;\">Pol\u00edtica de privacidad<\/span><\/h1>\n<p>[\/et_pb_text][\/et_pb_column][\/et_pb_row][et_pb_row _builder_version=\u00bb4.22.1&#8243; _module_preset=\u00bbdefault\u00bb global_colors_info=\u00bb{}\u00bb theme_builder_area=\u00bbpost_content\u00bb][et_pb_column type=\u00bb4_4&#8243; _builder_version=\u00bb4.22.1&#8243; _module_preset=\u00bbdefault\u00bb global_colors_info=\u00bb{}\u00bb theme_builder_area=\u00bbpost_content\u00bb][et_pb_text _builder_version=\u00bb4.22.1&#8243; _module_preset=\u00bbdefault\u00bb text_font=\u00bbKanit||||||||\u00bb text_text_color=\u00bb#000000&#8243; hover_enabled=\u00bb0&#8243; global_colors_info=\u00bb{}\u00bb theme_builder_area=\u00bbpost_content\u00bb sticky_enabled=\u00bb0&#8243;]<\/p>\n<p class=\"bodytext\">USO Y TRATAMIENTO DE DATOS DE CAR\u00c1CTER PERSONAL<\/p>\n<p class=\"bodytext\">Le informamos que los datos de car\u00e1cter personal que pudieran proporcionarse, a trav\u00e9s de este sitio web, as\u00ed como los que pudiera facilitar en el futuro en el marco de su relaci\u00f3n jur\u00eddica con esta entidad, ser\u00e1n incorporados a nuestra base de datos.<\/p>\n<p class=\"bodytext\">Se informa sobre los siguientes extremos relativos a la protecci\u00f3n de datos:<\/p>\n<ol>\n<li style=\"list-style-type: none;\">\n<ol class=\"bodytext\">\n<li class=\"bodytext\"><strong>Responsable del tratamiento<\/strong>: Somos responsables de los datos recogidos en el formulario correspondiente.<\/li>\n<li class=\"bodytext\"><strong>Necesidad del tratamiento<\/strong>: La comunicaci\u00f3n de sus datos a trav\u00e9s del formulario correspondiente es obligatoria para podamos contactar.<\/li>\n<li class=\"bodytext\"><strong>Finalidades del tratamiento y legitimaci\u00f3n del tratamiento<\/strong>:\n<ul class=\"bodytext\">\n<li class=\"bodytext\">Gestionar, administrar, prestarle los servicios o facilitarle los productos que solicite y, en su caso, para el cumplimiento y ejecuci\u00f3n de los contratos que pudiera celebrar, conocer mejor sus gustos, adecuar los servicios a sus preferencias.<\/li>\n<li class=\"bodytext\">Enviarle, por correo postal, correo electr\u00f3nico y otros medios de comunicaci\u00f3n electr\u00f3nica equivalente, comunicaciones comerciales y publicitarias sobre nuestros productos y\/o servicios.<\/li>\n<\/ul>\n<\/li>\n<li class=\"bodytext\"><strong>Destinatarios<\/strong>: Contratamos con alguna entidad que prestan servicios como los de mantenimiento y hosting, a trav\u00e9s de contratos de encargo del tratamiento para dar soporte a los fines de tratamiento indicados.<\/li>\n<li class=\"bodytext\"><strong>Plazo de conservaci\u00f3n de datos<\/strong>: Conservaremos sus datos mientras se mantenga el tratamiento y no solicite la supresi\u00f3n de los mismos.<\/li>\n<li class=\"bodytext\"><strong>Derechos<\/strong>: Podr\u00e1 ejercitar los derechos de acceso, rectificaci\u00f3n, supresi\u00f3n, limitaci\u00f3n al tratamiento, oposici\u00f3n, portabilidad y derecho a no ser objeto de una decisi\u00f3n basada \u00fanicamente en el tratamiento automatizado, mediante comunicaci\u00f3n escrita al domicilio indicado en el aviso legal y a revocar su consentimiento sin efectos retroactivos u oponerse a la recepci\u00f3n de comunicaciones comerciales publicitarias por email y otros medios de comunicaci\u00f3n electr\u00f3nica equivalente, enviando y a presentar una reclamaci\u00f3n ante la Autoridad de control, en Espa\u00f1a, la Agencia Espa\u00f1ola de Protecci\u00f3n de Datos.<\/li>\n<li class=\"bodytext\"><strong>Modificaci\u00f3n de la pol\u00edtica de privacidad<\/strong>: Nos reservamos el derecho a modificar su Pol\u00edtica de Privacidad, de acuerdo a nuestro propio criterio, o motivado por un cambio doctrinal de la Autoridad competente en Protecci\u00f3n de Datos, legislativo o jurisprudencial. El uso de la Web despu\u00e9s de dichos cambios implicar\u00e1 la aceptaci\u00f3n de \u00e9stos.<\/li>\n<li class=\"bodytext\"><strong>Legislaci\u00f3n aplicable<\/strong>: Cualquier controversia que se derive del uso de este Site, ser\u00e1 regida, interpretada y sometida de acuerdo con las leyes de Espa\u00f1a.<\/li>\n<\/ol>\n<\/li>\n<\/ol>\n<div><\/div>\n<p>[\/et_pb_text][\/et_pb_column][\/et_pb_row][\/et_pb_section]<\/p>","protected":false},"excerpt":{"rendered":"<p>Pol\u00edtica de privacidadUSO Y TRATAMIENTO DE DATOS DE CAR\u00c1CTER PERSONAL Le informamos que los datos de car\u00e1cter personal que pudieran proporcionarse, a trav\u00e9s de este sitio web, as\u00ed como los que pudiera facilitar en el futuro en el marco de su relaci\u00f3n jur\u00eddica con esta entidad, ser\u00e1n incorporados a nuestra base de datos. Se informa [&hellip;]<\/p>","protected":false},"author":1,"featured_media":0,"parent":0,"menu_order":0,"comment_status":"closed","ping_status":"closed","template":"","meta":{"_et_pb_use_builder":"on","_et_pb_old_content":"","_et_gb_content_width":"","footnotes":""},"class_list":["post-299","page","type-page","status-publish","hentry"],"yoast_head":"<!-- This site is optimized with the Yoast SEO plugin v26.4 - https:\/\/yoast.com\/wordpress\/plugins\/seo\/ -->\n<title>Pol\u00edtica de privacidad - Palentina de Papel<\/title>\n<meta name=\"robots\" content=\"index, follow, max-snippet:-1, max-image-preview:large, max-video-preview:-1\" \/>\n<link rel=\"canonical\" href=\"https:\/\/palentinadepapel.com\/en\/politica-de-privacidad\/\" \/>\n<meta property=\"og:locale\" content=\"en_GB\" \/>\n<meta property=\"og:type\" content=\"article\" \/>\n<meta property=\"og:title\" content=\"Pol\u00edtica de privacidad - Palentina de Papel\" \/>\n<meta property=\"og:description\" content=\"Pol\u00edtica de privacidadUSO Y TRATAMIENTO DE DATOS DE CAR\u00c1CTER PERSONAL Le informamos que los datos de car\u00e1cter personal que pudieran proporcionarse, a trav\u00e9s de este sitio web, as\u00ed como los que pudiera facilitar en el futuro en el marco de su relaci\u00f3n jur\u00eddica con esta entidad, ser\u00e1n incorporados a nuestra base de datos. Se informa [&hellip;]\" \/>\n<meta property=\"og:url\" content=\"https:\/\/palentinadepapel.com\/en\/politica-de-privacidad\/\" \/>\n<meta property=\"og:site_name\" content=\"Palentina de Papel\" \/>\n<meta property=\"article:modified_time\" content=\"2024-08-27T13:58:55+00:00\" \/>\n<meta name=\"twitter:card\" content=\"summary_large_image\" \/>\n<script type=\"application\/ld+json\" class=\"yoast-schema-graph\">{\"@context\":\"https:\/\/schema.org\",\"@graph\":[{\"@type\":\"WebPage\",\"@id\":\"https:\/\/palentinadepapel.com\/politica-de-privacidad\/\",\"url\":\"https:\/\/palentinadepapel.com\/politica-de-privacidad\/\",\"name\":\"Pol\u00edtica de privacidad - Palentina de Papel\",\"isPartOf\":{\"@id\":\"https:\/\/palentinadepapel.com\/#website\"},\"datePublished\":\"2024-08-27T13:58:18+00:00\",\"dateModified\":\"2024-08-27T13:58:55+00:00\",\"breadcrumb\":{\"@id\":\"https:\/\/palentinadepapel.com\/politica-de-privacidad\/#breadcrumb\"},\"inLanguage\":\"en-GB\",\"potentialAction\":[{\"@type\":\"ReadAction\",\"target\":[\"https:\/\/palentinadepapel.com\/politica-de-privacidad\/\"]}]},{\"@type\":\"BreadcrumbList\",\"@id\":\"https:\/\/palentinadepapel.com\/politica-de-privacidad\/#breadcrumb\",\"itemListElement\":[{\"@type\":\"ListItem\",\"position\":1,\"name\":\"Portada\",\"item\":\"https:\/\/palentinadepapel.com\/\"},{\"@type\":\"ListItem\",\"position\":2,\"name\":\"Pol\u00edtica de privacidad\"}]},{\"@type\":\"WebSite\",\"@id\":\"https:\/\/palentinadepapel.com\/#website\",\"url\":\"https:\/\/palentinadepapel.com\/\",\"name\":\"Palentina de Papel\",\"description\":\"\",\"potentialAction\":[{\"@type\":\"SearchAction\",\"target\":{\"@type\":\"EntryPoint\",\"urlTemplate\":\"https:\/\/palentinadepapel.com\/?s={search_term_string}\"},\"query-input\":{\"@type\":\"PropertyValueSpecification\",\"valueRequired\":true,\"valueName\":\"search_term_string\"}}],\"inLanguage\":\"en-GB\"}]}<\/script>\n<!-- \/ Yoast SEO plugin. -->","yoast_head_json":{"title":"Pol\u00edtica de privacidad - Palentina de Papel","robots":{"index":"index","follow":"follow","max-snippet":"max-snippet:-1","max-image-preview":"max-image-preview:large","max-video-preview":"max-video-preview:-1"},"canonical":"https:\/\/palentinadepapel.com\/en\/politica-de-privacidad\/","og_locale":"en_GB","og_type":"article","og_title":"Pol\u00edtica de privacidad - Palentina de Papel","og_description":"Pol\u00edtica de privacidadUSO Y TRATAMIENTO DE DATOS DE CAR\u00c1CTER PERSONAL Le informamos que los datos de car\u00e1cter personal que pudieran proporcionarse, a trav\u00e9s de este sitio web, as\u00ed como los que pudiera facilitar en el futuro en el marco de su relaci\u00f3n jur\u00eddica con esta entidad, ser\u00e1n incorporados a nuestra base de datos. Se informa [&hellip;]","og_url":"https:\/\/palentinadepapel.com\/en\/politica-de-privacidad\/","og_site_name":"Palentina de Papel","article_modified_time":"2024-08-27T13:58:55+00:00","twitter_card":"summary_large_image","schema":{"@context":"https:\/\/schema.org","@graph":[{"@type":"WebPage","@id":"https:\/\/palentinadepapel.com\/politica-de-privacidad\/","url":"https:\/\/palentinadepapel.com\/politica-de-privacidad\/","name":"Pol\u00edtica de privacidad - Palentina de Papel","isPartOf":{"@id":"https:\/\/palentinadepapel.com\/#website"},"datePublished":"2024-08-27T13:58:18+00:00","dateModified":"2024-08-27T13:58:55+00:00","breadcrumb":{"@id":"https:\/\/palentinadepapel.com\/politica-de-privacidad\/#breadcrumb"},"inLanguage":"en-GB","potentialAction":[{"@type":"ReadAction","target":["https:\/\/palentinadepapel.com\/politica-de-privacidad\/"]}]},{"@type":"BreadcrumbList","@id":"https:\/\/palentinadepapel.com\/politica-de-privacidad\/#breadcrumb","itemListElement":[{"@type":"ListItem","position":1,"name":"Portada","item":"https:\/\/palentinadepapel.com\/"},{"@type":"ListItem","position":2,"name":"Pol\u00edtica de privacidad"}]},{"@type":"WebSite","@id":"https:\/\/palentinadepapel.com\/#website","url":"https:\/\/palentinadepapel.com\/","name":"Palencia Paper","description":"","potentialAction":[{"@type":"SearchAction","target":{"@type":"EntryPoint","urlTemplate":"https:\/\/palentinadepapel.com\/?s={search_term_string}"},"query-input":{"@type":"PropertyValueSpecification","valueRequired":true,"valueName":"search_term_string"}}],"inLanguage":"en-GB"}]}},"_links":{"self":[{"href":"https:\/\/palentinadepapel.com\/en\/wp-json\/wp\/v2\/pages\/299","targetHints":{"allow":["GET"]}}],"collection":[{"href":"https:\/\/palentinadepapel.com\/en\/wp-json\/wp\/v2\/pages"}],"about":[{"href":"https:\/\/palentinadepapel.com\/en\/wp-json\/wp\/v2\/types\/page"}],"author":[{"embeddable":true,"href":"https:\/\/palentinadepapel.com\/en\/wp-json\/wp\/v2\/users\/1"}],"replies":[{"embeddable":true,"href":"https:\/\/palentinadepapel.com\/en\/wp-json\/wp\/v2\/comments?post=299"}],"version-history":[{"count":2,"href":"https:\/\/palentinadepapel.com\/en\/wp-json\/wp\/v2\/pages\/299\/revisions"}],"predecessor-version":[{"id":301,"href":"https:\/\/palentinadepapel.com\/en\/wp-json\/wp\/v2\/pages\/299\/revisions\/301"}],"wp:attachment":[{"href":"https:\/\/palentinadepapel.com\/en\/wp-json\/wp\/v2\/media?parent=299"}],"curies":[{"name":"wp","href":"https:\/\/api.w.org\/{rel}","templated":true}]}}